{"id":1113,"date":"2022-12-04T10:51:23","date_gmt":"2022-12-04T08:51:23","guid":{"rendered":"http:\/\/rettilatd\u00f8.dk\/?page_id=1113"},"modified":"2022-12-04T10:51:24","modified_gmt":"2022-12-04T08:51:24","slug":"vedtaegter-for-landsforeningen-ret-til-at-do","status":"publish","type":"page","link":"https:\/\/xn--rettilatd-t8a.dk\/index.php\/vedtaegter-for-landsforeningen-ret-til-at-do\/","title":{"rendered":"Vedt\u00e6gter for Landsforeningen Ret til at d\u00f8"},"content":{"rendered":"\n<p><img loading=\"lazy\" decoding=\"async\" width=\"136\" height=\"136\" src=\"https:\/\/lh6.googleusercontent.com\/_5FbnebdqjBOnoL2NPJUnzxR9CfssjGO69fVXZLIzWmjFeTzpZkfIIhoM9OqqKqFbcdaltKkffT_T360G0yknEUvEMoyK4cVcxmz5Y6XFRiw6FeXR6G17CX325wpe8L_arMfKc1b5p1vN9E7rRqdL8NaxU6CUH42UGdb-WvvOzK_vOO-6Z-j6ClASznG\"><\/p>\n\n\n\n<p>\u00a71 Form\u00e5l&nbsp;<\/p>\n\n\n\n<p>Foreningens form\u00e5l er at arbejde for at give en patient mulighed for egen bestemmelse i forhold til, p\u00e5 et fagligt oplyst grundlag at afslutte sit liv i lidelse, n\u00e5r alle behandlingsmuligheder er udt\u00f8mte.&nbsp;<\/p>\n\n\n\n<p>\u00a71.2 Form\u00e5let opn\u00e5s gennem at:&nbsp;<\/p>\n\n\n\n<p>&#8211; Indsamle og udbrede viden om eutanasi.&nbsp;<\/p>\n\n\n\n<p>&#8211; Samle og organisere de mange stemmer, der st\u00f8tter foreningens form\u00e5l.&nbsp;<\/p>\n\n\n\n<p>&#8211; F\u00f8lge nationale og internationale udviklinger og beslutninger og videreformidle disse.&nbsp;<\/p>\n\n\n\n<p><strong>&#8211;<\/strong> F\u00f8lge og deltage i den nationale debat.<\/p>\n\n\n\n<p>&#8211; P\u00e5virke lovgivningen ved at g\u00e5 i dialog med politikere p\u00e5 alle niveauer og p\u00e5 tv\u00e6rs af partierne.&nbsp;<\/p>\n\n\n\n<p><\/p>\n\n\n\n<p>\u00a72 Hjemsted\u00a0<\/p>\n\n\n\n<p>Hjemsted er som udgangspunkt i den kommune, hvor formanden bor, medmindre andet er besluttet af bestyrelsen.&nbsp;<\/p>\n\n\n\n<p><\/p>\n\n\n\n<p>\u00a73 Medlemmer\u00a0<\/p>\n\n\n\n<p>Som medlemmer kan optages alle enkeltpersoner eller husstande.&nbsp;<\/p>\n\n\n\n<p>\u00a73.2 Medlemskab&nbsp;<\/p>\n\n\n\n<p>&#8211; Man kan ved at betale et \u00e5rligt kontingent blive medlem af foreningen.&nbsp;<\/p>\n\n\n\n<p>&#8211; Som medlem f\u00e5r man stemmeret til generalforsamlingerne.&nbsp;<\/p>\n\n\n\n<p>&#8211; Som medlem vil der v\u00e6re v\u00e6re s\u00e6rpriser til diverse arrangementer.&nbsp;<\/p>\n\n\n\n<p>&#8211; Som medlem modtager man et digitalt nyhedsbrev tre til fire gange om \u00e5ret.&nbsp;<\/p>\n\n\n\n<p>&#8211; Kontingentet fasts\u00e6ttes p\u00e5 den \u00e5rlige generalforsamling.&nbsp;<\/p>\n\n\n\n<p>\u00a73.3 Eksklusion&nbsp;<\/p>\n\n\n\n<p>Bestyrelsen kan i s\u00e6rlige tilf\u00e6lde ekskludere et medlem ved en flertalsbeslutning. Er medlemmet ikke indforst\u00e5et med en eksklusion, kan medlemmet anke den til f\u00f8rstkommende generalforsamlingen.<\/p>\n\n\n\n<p><\/p>\n\n\n\n<p>\u00a74 Kontingent\u00a0<\/p>\n\n\n\n<p>Kontingentet f\u00f8lger kalender\u00e5ret.&nbsp;<\/p>\n\n\n\n<p>Et medlemskab af foreningen koster for et kalender\u00e5r 200,- kr. for enkeltpersoner, 100,- for medlemmer under 30 \u00e5r (dokumenteres) og 300,- pr. husstand.&nbsp;<\/p>\n\n\n\n<p><\/p>\n\n\n\n<p>\u00a75 Generalforsamling\u00a0<\/p>\n\n\n\n<p>Den stiftende generalforsamling fandt sted digitalt grundet geografi og igangv\u00e6rende pandemi.&nbsp;<\/p>\n\n\n\n<p>Generalforsamlingen afholdes hvert \u00e5r inden udgangen af oktober, og man har mulighed for at deltage digitalt.&nbsp;<\/p>\n\n\n\n<p>Generalforsamlingen er foreningens h\u00f8jeste myndighed. Den ordin\u00e6re generalforsamling afholdes efter annoncering p\u00e5 foreningens hjemmeside og\/eller indkaldelse via e-mail senest 8 uger inden afholdelsen.&nbsp;<\/p>\n\n\n\n<p>Forslag, som \u00f8nskes behandlet, skal v\u00e6re indsendt til foreningens mail eller i facebook-gruppen senest 4 uger f\u00f8r generalforsamlingen.&nbsp;<\/p>\n\n\n\n<p>\u00a7 5.1. Stemmeret&nbsp;<\/p>\n\n\n\n<p>Hvert fremm\u00f8dte medlem har stemmeret p\u00e5 generalforsamlingen, og alle beslutninger tr\u00e6ffes ved almindelig stemmeflertal bortset fra vedt\u00e6gts\u00e6ndringer jvf. \u00a7 5.4.&nbsp;<\/p>\n\n\n\n<p>\u00a75.2 Dagsorden&nbsp;<\/p>\n\n\n\n<p>Dagsorden udsendes senest to uger f\u00f8r generalforsamlingen p\u00e5 hjemmeside og i facebook-gruppe.<\/p>\n\n\n\n<p>1. Valg af dirigent og referent&nbsp;<\/p>\n\n\n\n<p>2. Godkendelse af dagsorden for generalforsamlingen&nbsp;<\/p>\n\n\n\n<p>3. Freml\u00e6ggelse af bestyrelsens \u00e5rsberetning og handlingsplaner&nbsp;<\/p>\n\n\n\n<p>&#8211; \u00c5rsberetning&nbsp;<\/p>\n\n\n\n<p>&#8211; Handlingsplaner&nbsp;<\/p>\n\n\n\n<p>4. Gennemgang og godkendelse af \u00e5rsregnskab. Regnskabs\u00e5ret l\u00f8ber fra 1\/10 til 30\/9 det f\u00f8lgende \u00e5r.<\/p>\n\n\n\n<p>5. Gennemgang og godkendelse af budget for det kommende \u00e5r.<\/p>\n\n\n\n<p>6. Indkomne forslag<\/p>\n\n\n\n<p>7. Fasts\u00e6ttelse af kontingent&nbsp;<\/p>\n\n\n\n<p>8. Valg i henhold til vedt\u00e6gterne<\/p>\n\n\n\n<p>Bestyrelsen er som udgangspunkt p\u00e5 valg i ulige \u00e5r &#8211; eller efter det enkelte bestyrelsesmedlemmets \u00f8nske.<\/p>\n\n\n\n<p>9. Eventuelt.<\/p>\n\n\n\n<p>\u00a7 5.3 Ekstraordin\u00e6r generalforsamling&nbsp;<\/p>\n\n\n\n<p>Ekstraordin\u00e6r generalforsamling skal afholdes, n\u00e5r et flertal af bestyrelsen eller mindst 1\/3 af medlemmer skriftligt over for formanden frems\u00e6tter \u00f8nske om det og samtidig meddeler, hvilke punkter de \u00f8nsker behandlet. Bestyrelsen skal senest 14 dage efter anmodningen indkalde til ekstraordin\u00e6r generalforsamling. Indvarslingsfristen er minimum 14 dage. Reglerne om afstemninger er de samme som for den ordin\u00e6re generalforsamling&nbsp;<\/p>\n\n\n\n<p>\u00a7 5.4 \u00c6ndring af vedt\u00e6gter&nbsp;<\/p>\n\n\n\n<p>Til \u00e6ndring af disse vedt\u00e6gter eller til opl\u00f8sning af foreningen \u2013 hvorom forslag skal v\u00e6re et s\u00e6rskilt punkt p\u00e5 dagsordenen for generalforsamlingen \u2013 kr\u00e6ves tilslutning fra mindst 2\/3 af de fremm\u00f8dte medlemmer p\u00e5 to p\u00e5 hinanden f\u00f8lgende generalforsamlinger, der skal v\u00e6re indkaldt med mindst 1 m\u00e5neds mellemrum. Opn\u00e5s en s\u00e5dan majoritet ikke, kan forslaget genfrems\u00e6ttes p\u00e5 en efterf\u00f8lgende generalforsamling og kan d\u00e9r vedtages med tilslutning fra 2\/3 af de fremm\u00f8dte.&nbsp;<\/p>\n\n\n\n<p><\/p>\n\n\n\n<p>\u00a7 6 Oph\u00e6velse\u00a0<\/p>\n\n\n\n<p>Skulle foreningen blive opl\u00f8st i konsekvens af \u00a7 5.4 eller af andre grunde er den senest valgte bestyrelse forpligtet til at drage omsorg for, at alle foreningens \u00f8konomiske forpligtelser bliver opfyldt, og at foreningens eventuelt resterende midler bliver fordelt til humanit\u00e6rt form\u00e5l.<\/p>\n\n\n\n<p><em>Revideret 1\/12-22<\/em><\/p>\n","protected":false},"excerpt":{"rendered":"<p>\u00a71 Form\u00e5l&nbsp; Foreningens form\u00e5l er at arbejde for at give en patient mulighed for egen bestemmelse i forhold til, p\u00e5 et fagligt oplyst grundlag at afslutte sit liv i lidelse, n\u00e5r alle behandlingsmuligheder er udt\u00f8mte.&nbsp; &hellip;<\/p>\n","protected":false},"author":1,"featured_media":0,"parent":0,"menu_order":0,"comment_status":"closed","ping_status":"closed","template":"","meta":{"footnotes":""},"class_list":["post-1113","page","type-page","status-publish","hentry"],"_links":{"self":[{"href":"https:\/\/xn--rettilatd-t8a.dk\/index.php\/wp-json\/wp\/v2\/pages\/1113","targetHints":{"allow":["GET"]}}],"collection":[{"href":"https:\/\/xn--rettilatd-t8a.dk\/index.php\/wp-json\/wp\/v2\/pages"}],"about":[{"href":"https:\/\/xn--rettilatd-t8a.dk\/index.php\/wp-json\/wp\/v2\/types\/page"}],"author":[{"embeddable":true,"href":"https:\/\/xn--rettilatd-t8a.dk\/index.php\/wp-json\/wp\/v2\/users\/1"}],"replies":[{"embeddable":true,"href":"https:\/\/xn--rettilatd-t8a.dk\/index.php\/wp-json\/wp\/v2\/comments?post=1113"}],"version-history":[{"count":0,"href":"https:\/\/xn--rettilatd-t8a.dk\/index.php\/wp-json\/wp\/v2\/pages\/1113\/revisions"}],"wp:attachment":[{"href":"https:\/\/xn--rettilatd-t8a.dk\/index.php\/wp-json\/wp\/v2\/media?parent=1113"}],"curies":[{"name":"wp","href":"https:\/\/api.w.org\/{rel}","templated":true}]}}